{"id":1853,"date":"2024-10-10T13:30:21","date_gmt":"2024-10-10T13:30:21","guid":{"rendered":"https:\/\/lafitapsico.cat\/?page_id=1853"},"modified":"2024-10-10T13:35:54","modified_gmt":"2024-10-10T13:35:54","slug":"escola-deducacio-emocional","status":"publish","type":"page","link":"https:\/\/lafitapsico.cat\/es\/escola-deducacio-emocional\/","title":{"rendered":"Escola d&#8217;Educaci\u00f3 Emocional"},"content":{"rendered":"<div data-elementor-type=\"wp-page\" data-elementor-id=\"1853\" class=\"elementor elementor-1853\" data-elementor-post-type=\"page\">\n\t\t\t\t<div class=\"elementor-element elementor-element-84a337a e-con-full e-flex e-con e-parent\" data-id=\"84a337a\" data-element_type=\"container\" data-e-type=\"container\" data-settings=\"{&quot;background_background&quot;:&quot;classic&quot;}\">\n\t\t\t\t<div class=\"elementor-element elementor-element-94877c4 elementor-widget__width-initial elementor-widget-divider--view-line elementor-invisible elementor-widget elementor-widget-divider\" data-id=\"94877c4\" data-element_type=\"widget\" data-e-type=\"widget\" data-settings=\"{&quot;_animation&quot;:&quot;bounceInLeft&quot;}\" data-widget_type=\"divider.default\">\n\t\t\t\t<div class=\"elementor-widget-container\">\n\t\t\t\t\t\t\t<div class=\"elementor-divider\">\n\t\t\t<span class=\"elementor-divider-separator\">\n\t\t\t\t\t\t<\/span>\n\t\t<\/div>\n\t\t\t\t\t\t<\/div>\n\t\t\t\t<\/div>\n\t\t\t\t<div class=\"elementor-element elementor-element-39b49a5 elementor-widget__width-initial elementor-invisible elementor-widget elementor-widget-heading\" data-id=\"39b49a5\" data-element_type=\"widget\" data-e-type=\"widget\" data-settings=\"{&quot;_animation&quot;:&quot;bounceInRight&quot;}\" data-widget_type=\"heading.default\">\n\t\t\t\t<div class=\"elementor-widget-container\">\n\t\t\t\t\t<h2 class=\"elementor-heading-title elementor-size-default\">LA FITA EMOCIONS\n<\/h2>\t\t\t\t<\/div>\n\t\t\t\t<\/div>\n\t\t\t\t<\/div>\n\t\t<div class=\"elementor-element elementor-element-aa1773c e-flex e-con-boxed e-con e-parent\" data-id=\"aa1773c\" data-element_type=\"container\" data-e-type=\"container\">\n\t\t\t\t\t<div class=\"e-con-inner\">\n\t\t\t\t<div class=\"elementor-element elementor-element-09c72ba elementor-invisible elementor-widget elementor-widget-heading\" data-id=\"09c72ba\" data-element_type=\"widget\" data-e-type=\"widget\" data-settings=\"{&quot;_animation&quot;:&quot;bounceInLeft&quot;,&quot;_animation_mobile&quot;:&quot;fadeInUp&quot;}\" data-widget_type=\"heading.default\">\n\t\t\t\t<div class=\"elementor-widget-container\">\n\t\t\t\t\t<h2 class=\"elementor-heading-title elementor-size-default\">EXPLORANT TEMES CLAU<\/h2>\t\t\t\t<\/div>\n\t\t\t\t<\/div>\n\t\t\t\t<div class=\"elementor-element elementor-element-84a4364 elementor-widget__width-initial elementor-widget-divider--view-line elementor-invisible elementor-widget elementor-widget-divider\" data-id=\"84a4364\" data-element_type=\"widget\" data-e-type=\"widget\" data-settings=\"{&quot;_animation&quot;:&quot;bounceInLeft&quot;}\" data-widget_type=\"divider.default\">\n\t\t\t\t<div class=\"elementor-widget-container\">\n\t\t\t\t\t\t\t<div class=\"elementor-divider\">\n\t\t\t<span class=\"elementor-divider-separator\">\n\t\t\t\t\t\t<\/span>\n\t\t<\/div>\n\t\t\t\t\t\t<\/div>\n\t\t\t\t<\/div>\n\t\t\t\t<div class=\"elementor-element elementor-element-f30706f elementor-invisible elementor-widget elementor-widget-heading\" data-id=\"f30706f\" data-element_type=\"widget\" data-e-type=\"widget\" data-settings=\"{&quot;_animation&quot;:&quot;bounceInRight&quot;,&quot;_animation_mobile&quot;:&quot;fadeInUp&quot;}\" data-widget_type=\"heading.default\">\n\t\t\t\t<div class=\"elementor-widget-container\">\n\t\t\t\t\t<h2 class=\"elementor-heading-title elementor-size-default\">Projecte psicoeducatiu per promoure la salut emocional a trav\u00e9s del desenvolupament de la Intel.lig\u00e8ncia emocional<\/h2>\t\t\t\t<\/div>\n\t\t\t\t<\/div>\n\t\t\t\t\t<\/div>\n\t\t\t\t<\/div>\n\t\t<div class=\"elementor-element elementor-element-24a8a15 e-flex e-con-boxed elementor-invisible e-con e-parent\" data-id=\"24a8a15\" data-element_type=\"container\" data-e-type=\"container\" data-settings=\"{&quot;animation&quot;:&quot;fadeInUp&quot;}\">\n\t\t\t\t\t<div class=\"e-con-inner\">\n\t\t<div class=\"elementor-element elementor-element-8c20eba e-con-full e-flex e-con e-child\" data-id=\"8c20eba\" data-element_type=\"container\" data-e-type=\"container\">\n\t\t\t\t<div class=\"elementor-element elementor-element-39bd232 elementor-invisible elementor-widget elementor-widget-text-editor\" data-id=\"39bd232\" data-element_type=\"widget\" data-e-type=\"widget\" data-settings=\"{&quot;_animation&quot;:&quot;fadeInLeft&quot;,&quot;_animation_mobile&quot;:&quot;fadeInUp&quot;}\" data-widget_type=\"text-editor.default\">\n\t\t\t\t<div class=\"elementor-widget-container\">\n\t\t\t\t\t\t\t\t\t<p>Les persones tenim moltes compet\u00e8ncies cognitives; la ling\u00fc\u00edstica, la logic-matem\u00e0tica, la visuoespecial, la corporal, la art\u00edstica, etc. Per\u00f2 n\u2019hi ha dues que s\u00f3n fonamentals i que dicten la sensaci\u00f3 intr\u00ednseca d\u2019\u00e8xit, salut i benestar; la Intel.lig\u00e8ncia intrapersonal (capacitat per a con\u00e8ixer-me i valorar els meus estats interns) i la interpersonal (capacitat per a saber com est\u00e0 l\u2019altre i recon\u00e8ixer els seus estats interns a trav\u00e9s de l\u2019empatia).\u00a0<\/p><p>\u00a0<\/p>\t\t\t\t\t\t\t\t<\/div>\n\t\t\t\t<\/div>\n\t\t\t\t<\/div>\n\t\t<div class=\"elementor-element elementor-element-5e6d61d e-con-full e-flex e-con e-child\" data-id=\"5e6d61d\" data-element_type=\"container\" data-e-type=\"container\">\n\t\t\t\t<div class=\"elementor-element elementor-element-ad38919 elementor-widget elementor-widget-image\" data-id=\"ad38919\" data-element_type=\"widget\" data-e-type=\"widget\" data-widget_type=\"image.default\">\n\t\t\t\t<div class=\"elementor-widget-container\">\n\t\t\t\t\t\t\t\t\t\t\t\t\t\t\t<img fetchpriority=\"high\" decoding=\"async\" width=\"1024\" height=\"576\" src=\"https:\/\/lafitapsico.cat\/wp-content\/uploads\/2024\/10\/Diseno-sin-titulo-3-1024x576.png\" class=\"attachment-large size-large wp-image-1855\" alt=\"\" srcset=\"https:\/\/lafitapsico.cat\/wp-content\/uploads\/2024\/10\/Diseno-sin-titulo-3-1024x576.png 1024w, https:\/\/lafitapsico.cat\/wp-content\/uploads\/2024\/10\/Diseno-sin-titulo-3-300x169.png 300w, https:\/\/lafitapsico.cat\/wp-content\/uploads\/2024\/10\/Diseno-sin-titulo-3-768x432.png 768w, https:\/\/lafitapsico.cat\/wp-content\/uploads\/2024\/10\/Diseno-sin-titulo-3-1536x864.png 1536w, https:\/\/lafitapsico.cat\/wp-content\/uploads\/2024\/10\/Diseno-sin-titulo-3-18x10.png 18w, https:\/\/lafitapsico.cat\/wp-content\/uploads\/2024\/10\/Diseno-sin-titulo-3.png 1920w\" sizes=\"(max-width: 1024px) 100vw, 1024px\" \/>\t\t\t\t\t\t\t\t\t\t\t\t\t\t\t<\/div>\n\t\t\t\t<\/div>\n\t\t\t\t<\/div>\n\t\t\t\t\t<\/div>\n\t\t\t\t<\/div>\n\t\t<div class=\"elementor-element elementor-element-24cde0e e-flex e-con-boxed elementor-invisible e-con e-parent\" data-id=\"24cde0e\" data-element_type=\"container\" data-e-type=\"container\" data-settings=\"{&quot;animation&quot;:&quot;fadeInUp&quot;}\">\n\t\t\t\t\t<div class=\"e-con-inner\">\n\t\t\t\t<div class=\"elementor-element elementor-element-297e93e elementor-invisible elementor-widget elementor-widget-text-editor\" data-id=\"297e93e\" data-element_type=\"widget\" data-e-type=\"widget\" data-settings=\"{&quot;_animation&quot;:&quot;fadeInLeft&quot;,&quot;_animation_mobile&quot;:&quot;fadeInUp&quot;}\" data-widget_type=\"text-editor.default\">\n\t\t\t\t<div class=\"elementor-widget-container\">\n\t\t\t\t\t\t\t\t\t<p style=\"font-size: 18px; text-align: center;\"><span style=\"color: var( --e-global-color-text ); background-color: var(--ast-global-color-5);\">La nostra missi\u00f3 \u00e9s desenvolupar aquestes dues habilitats cognitives que en conjunt formen la Intel.lig\u00e8ncia emocional des d\u2019una vessant psicoeducativa per alfabetitzar emocionalment als infants i que aix\u00ed tinguin habilitats per a poder entendre\u2019s a si mateixos i als altres durant les diferents etapes posteriors del cicle vital. Creiem fermament en aquesta tasca psicoeducativa i preventiva per a la promoci\u00f3 de la salut mental com a factor protector de malestars futurs.<\/span><\/p><p style=\"font-size: 18px; text-align: center;\">El nostre programa s\u2019imparteix durant una hora setmanal al nostre centre i a diferents centres escolars. Tenim un programa pedag\u00f2gic \u00fanic, divertit, din\u00e0mic i que fomenta la creativitat i les habilitats socioemocionals dels m\u00e9s petits i petites. L\u2019impartim el nostre equip de psicolog\u00eda en grups redu\u00efts de m\u00e0xim 10 infants.\u00a0<\/p><div>\u00a0<\/div>\t\t\t\t\t\t\t\t<\/div>\n\t\t\t\t<\/div>\n\t\t\t\t\t<\/div>\n\t\t\t\t<\/div>\n\t\t\t\t<\/div>","protected":false},"excerpt":{"rendered":"<p>LA FITA EMOCIONS EXPLORANT TEMES CLAU Projecte psicoeducatiu per promoure la salut emocional a trav\u00e9s del desenvolupament de la Intel.lig\u00e8ncia [&hellip;]<\/p>\n","protected":false},"author":1,"featured_media":0,"parent":0,"menu_order":0,"comment_status":"closed","ping_status":"closed","template":"","meta":{"site-sidebar-layout":"no-sidebar","site-content-layout":"","ast-site-content-layout":"full-width-container","site-content-style":"default","site-sidebar-style":"default","ast-global-header-display":"","ast-banner-title-visibility":"","ast-main-header-display":"","ast-hfb-above-header-display":"","ast-hfb-below-header-display":"","ast-hfb-mobile-header-display":"","site-post-title":"disabled","ast-breadcrumbs-content":"","ast-featured-img":"disabled","footer-sml-layout":"","ast-disable-related-posts":"","theme-transparent-header-meta":"","adv-header-id-meta":"","stick-header-meta":"","header-above-stick-meta":"","header-main-stick-meta":"","header-below-stick-meta":"","astra-migrate-meta-layouts":"default","ast-page-background-enabled":"default","ast-page-background-meta":{"desktop":{"background-color":"var(--ast-global-color-4)","background-image":"","background-repeat":"repeat","background-position":"center center","background-size":"auto","background-attachment":"scroll","background-type":"","background-media":"","overlay-type":"","overlay-color":"","overlay-opacity":"","overlay-gradient":""},"tablet":{"background-color":"","background-image":"","background-repeat":"repeat","background-position":"center center","background-size":"auto","background-attachment":"scroll","background-type":"","background-media":"","overlay-type":"","overlay-color":"","overlay-opacity":"","overlay-gradient":""},"mobile":{"background-color":"","background-image":"","background-repeat":"repeat","background-position":"center center","background-size":"auto","background-attachment":"scroll","background-type":"","background-media":"","overlay-type":"","overlay-color":"","overlay-opacity":"","overlay-gradient":""}},"ast-content-background-meta":{"desktop":{"background-color":"var(--ast-global-color-5)","background-image":"","background-repeat":"repeat","background-position":"center center","background-size":"auto","background-attachment":"scroll","background-type":"","background-media":"","overlay-type":"","overlay-color":"","overlay-opacity":"","overlay-gradient":""},"tablet":{"background-color":"var(--ast-global-color-5)","background-image":"","background-repeat":"repeat","background-position":"center center","background-size":"auto","background-attachment":"scroll","background-type":"","background-media":"","overlay-type":"","overlay-color":"","overlay-opacity":"","overlay-gradient":""},"mobile":{"background-color":"var(--ast-global-color-5)","background-image":"","background-repeat":"repeat","background-position":"center center","background-size":"auto","background-attachment":"scroll","background-type":"","background-media":"","overlay-type":"","overlay-color":"","overlay-opacity":"","overlay-gradient":""}},"footnotes":""},"class_list":["post-1853","page","type-page","status-publish","hentry"],"yoast_head":"<!-- This site is optimized with the Yoast SEO plugin v27.0 - https:\/\/yoast.com\/product\/yoast-seo-wordpress\/ -->\n<title>Escola d&#039;Educaci\u00f3 Emocional - La Fita Psicologia<\/title>\n<meta name=\"robots\" content=\"index, follow, max-snippet:-1, max-image-preview:large, max-video-preview:-1\" \/>\n<link rel=\"canonical\" href=\"https:\/\/lafitapsico.cat\/es\/escola-deducacio-emocional\/\" \/>\n<meta property=\"og:locale\" content=\"es_ES\" \/>\n<meta property=\"og:type\" content=\"article\" \/>\n<meta property=\"og:title\" content=\"Escola d&#039;Educaci\u00f3 Emocional - La Fita Psicologia\" \/>\n<meta property=\"og:description\" content=\"LA FITA EMOCIONS EXPLORANT TEMES CLAU Projecte psicoeducatiu per promoure la salut emocional a trav\u00e9s del desenvolupament de la Intel.lig\u00e8ncia [&hellip;]\" \/>\n<meta property=\"og:url\" content=\"https:\/\/lafitapsico.cat\/es\/escola-deducacio-emocional\/\" \/>\n<meta property=\"og:site_name\" content=\"La Fita Psicologia\" \/>\n<meta property=\"article:modified_time\" content=\"2024-10-10T13:35:54+00:00\" \/>\n<meta property=\"og:image\" content=\"https:\/\/lafitapsico.cat\/wp-content\/uploads\/2024\/10\/Diseno-sin-titulo-3.png\" \/>\n\t<meta property=\"og:image:width\" content=\"1920\" \/>\n\t<meta property=\"og:image:height\" content=\"1080\" \/>\n\t<meta property=\"og:image:type\" content=\"image\/png\" \/>\n<meta name=\"twitter:card\" content=\"summary_large_image\" \/>\n<meta name=\"twitter:label1\" content=\"Tiempo de lectura\" \/>\n\t<meta name=\"twitter:data1\" content=\"1 minuto\" \/>\n<script type=\"application\/ld+json\" class=\"yoast-schema-graph\">{\"@context\":\"https:\/\/schema.org\",\"@graph\":[{\"@type\":\"WebPage\",\"@id\":\"https:\/\/lafitapsico.cat\/escola-deducacio-emocional\/\",\"url\":\"https:\/\/lafitapsico.cat\/escola-deducacio-emocional\/\",\"name\":\"Escola d'Educaci\u00f3 Emocional - La Fita Psicologia\",\"isPartOf\":{\"@id\":\"https:\/\/lafitapsico.cat\/#website\"},\"primaryImageOfPage\":{\"@id\":\"https:\/\/lafitapsico.cat\/escola-deducacio-emocional\/#primaryimage\"},\"image\":{\"@id\":\"https:\/\/lafitapsico.cat\/escola-deducacio-emocional\/#primaryimage\"},\"thumbnailUrl\":\"https:\/\/lafitapsico.cat\/wp-content\/uploads\/2024\/10\/Diseno-sin-titulo-3-1024x576.png\",\"datePublished\":\"2024-10-10T13:30:21+00:00\",\"dateModified\":\"2024-10-10T13:35:54+00:00\",\"breadcrumb\":{\"@id\":\"https:\/\/lafitapsico.cat\/escola-deducacio-emocional\/#breadcrumb\"},\"inLanguage\":\"es\",\"potentialAction\":[{\"@type\":\"ReadAction\",\"target\":[\"https:\/\/lafitapsico.cat\/escola-deducacio-emocional\/\"]}]},{\"@type\":\"ImageObject\",\"inLanguage\":\"es\",\"@id\":\"https:\/\/lafitapsico.cat\/escola-deducacio-emocional\/#primaryimage\",\"url\":\"https:\/\/lafitapsico.cat\/wp-content\/uploads\/2024\/10\/Diseno-sin-titulo-3-1024x576.png\",\"contentUrl\":\"https:\/\/lafitapsico.cat\/wp-content\/uploads\/2024\/10\/Diseno-sin-titulo-3-1024x576.png\"},{\"@type\":\"BreadcrumbList\",\"@id\":\"https:\/\/lafitapsico.cat\/escola-deducacio-emocional\/#breadcrumb\",\"itemListElement\":[{\"@type\":\"ListItem\",\"position\":1,\"name\":\"Portada\",\"item\":\"https:\/\/lafitapsico.cat\/\"},{\"@type\":\"ListItem\",\"position\":2,\"name\":\"Escola d&#8217;Educaci\u00f3 Emocional\"}]},{\"@type\":\"WebSite\",\"@id\":\"https:\/\/lafitapsico.cat\/#website\",\"url\":\"https:\/\/lafitapsico.cat\/\",\"name\":\"La Fita Psicologia\",\"description\":\"Cam\u00ed cap al benenestar emocional i equilibri personal\",\"publisher\":{\"@id\":\"https:\/\/lafitapsico.cat\/#organization\"},\"potentialAction\":[{\"@type\":\"SearchAction\",\"target\":{\"@type\":\"EntryPoint\",\"urlTemplate\":\"https:\/\/lafitapsico.cat\/?s={search_term_string}\"},\"query-input\":{\"@type\":\"PropertyValueSpecification\",\"valueRequired\":true,\"valueName\":\"search_term_string\"}}],\"inLanguage\":\"es\"},{\"@type\":\"Organization\",\"@id\":\"https:\/\/lafitapsico.cat\/#organization\",\"name\":\"La Fita Psicologia\",\"url\":\"https:\/\/lafitapsico.cat\/\",\"logo\":{\"@type\":\"ImageObject\",\"inLanguage\":\"es\",\"@id\":\"https:\/\/lafitapsico.cat\/#\/schema\/logo\/image\/\",\"url\":\"https:\/\/lafitapsico.cat\/wp-content\/uploads\/2024\/02\/La-Fita-Psicologia.webp\",\"contentUrl\":\"https:\/\/lafitapsico.cat\/wp-content\/uploads\/2024\/02\/La-Fita-Psicologia.webp\",\"width\":650,\"height\":254,\"caption\":\"La Fita Psicologia\"},\"image\":{\"@id\":\"https:\/\/lafitapsico.cat\/#\/schema\/logo\/image\/\"}}]}<\/script>\n<!-- \/ Yoast SEO plugin. -->","yoast_head_json":{"title":"Escola d'Educaci\u00f3 Emocional - La Fita Psicologia","robots":{"index":"index","follow":"follow","max-snippet":"max-snippet:-1","max-image-preview":"max-image-preview:large","max-video-preview":"max-video-preview:-1"},"canonical":"https:\/\/lafitapsico.cat\/es\/escola-deducacio-emocional\/","og_locale":"es_ES","og_type":"article","og_title":"Escola d'Educaci\u00f3 Emocional - La Fita Psicologia","og_description":"LA FITA EMOCIONS EXPLORANT TEMES CLAU Projecte psicoeducatiu per promoure la salut emocional a trav\u00e9s del desenvolupament de la Intel.lig\u00e8ncia [&hellip;]","og_url":"https:\/\/lafitapsico.cat\/es\/escola-deducacio-emocional\/","og_site_name":"La Fita Psicologia","article_modified_time":"2024-10-10T13:35:54+00:00","og_image":[{"width":1920,"height":1080,"url":"https:\/\/lafitapsico.cat\/wp-content\/uploads\/2024\/10\/Diseno-sin-titulo-3.png","type":"image\/png"}],"twitter_card":"summary_large_image","twitter_misc":{"Tiempo de lectura":"1 minuto"},"schema":{"@context":"https:\/\/schema.org","@graph":[{"@type":"WebPage","@id":"https:\/\/lafitapsico.cat\/escola-deducacio-emocional\/","url":"https:\/\/lafitapsico.cat\/escola-deducacio-emocional\/","name":"Escola d'Educaci\u00f3 Emocional - La Fita Psicologia","isPartOf":{"@id":"https:\/\/lafitapsico.cat\/#website"},"primaryImageOfPage":{"@id":"https:\/\/lafitapsico.cat\/escola-deducacio-emocional\/#primaryimage"},"image":{"@id":"https:\/\/lafitapsico.cat\/escola-deducacio-emocional\/#primaryimage"},"thumbnailUrl":"https:\/\/lafitapsico.cat\/wp-content\/uploads\/2024\/10\/Diseno-sin-titulo-3-1024x576.png","datePublished":"2024-10-10T13:30:21+00:00","dateModified":"2024-10-10T13:35:54+00:00","breadcrumb":{"@id":"https:\/\/lafitapsico.cat\/escola-deducacio-emocional\/#breadcrumb"},"inLanguage":"es","potentialAction":[{"@type":"ReadAction","target":["https:\/\/lafitapsico.cat\/escola-deducacio-emocional\/"]}]},{"@type":"ImageObject","inLanguage":"es","@id":"https:\/\/lafitapsico.cat\/escola-deducacio-emocional\/#primaryimage","url":"https:\/\/lafitapsico.cat\/wp-content\/uploads\/2024\/10\/Diseno-sin-titulo-3-1024x576.png","contentUrl":"https:\/\/lafitapsico.cat\/wp-content\/uploads\/2024\/10\/Diseno-sin-titulo-3-1024x576.png"},{"@type":"BreadcrumbList","@id":"https:\/\/lafitapsico.cat\/escola-deducacio-emocional\/#breadcrumb","itemListElement":[{"@type":"ListItem","position":1,"name":"Portada","item":"https:\/\/lafitapsico.cat\/"},{"@type":"ListItem","position":2,"name":"Escola d&#8217;Educaci\u00f3 Emocional"}]},{"@type":"WebSite","@id":"https:\/\/lafitapsico.cat\/#website","url":"https:\/\/lafitapsico.cat\/","name":"La Fita Psicologia","description":"Cam\u00ed cap al benenestar emocional i equilibri personal","publisher":{"@id":"https:\/\/lafitapsico.cat\/#organization"},"potentialAction":[{"@type":"SearchAction","target":{"@type":"EntryPoint","urlTemplate":"https:\/\/lafitapsico.cat\/?s={search_term_string}"},"query-input":{"@type":"PropertyValueSpecification","valueRequired":true,"valueName":"search_term_string"}}],"inLanguage":"es"},{"@type":"Organization","@id":"https:\/\/lafitapsico.cat\/#organization","name":"La Fita Psicologia","url":"https:\/\/lafitapsico.cat\/","logo":{"@type":"ImageObject","inLanguage":"es","@id":"https:\/\/lafitapsico.cat\/#\/schema\/logo\/image\/","url":"https:\/\/lafitapsico.cat\/wp-content\/uploads\/2024\/02\/La-Fita-Psicologia.webp","contentUrl":"https:\/\/lafitapsico.cat\/wp-content\/uploads\/2024\/02\/La-Fita-Psicologia.webp","width":650,"height":254,"caption":"La Fita Psicologia"},"image":{"@id":"https:\/\/lafitapsico.cat\/#\/schema\/logo\/image\/"}}]}},"_links":{"self":[{"href":"https:\/\/lafitapsico.cat\/es\/wp-json\/wp\/v2\/pages\/1853","targetHints":{"allow":["GET"]}}],"collection":[{"href":"https:\/\/lafitapsico.cat\/es\/wp-json\/wp\/v2\/pages"}],"about":[{"href":"https:\/\/lafitapsico.cat\/es\/wp-json\/wp\/v2\/types\/page"}],"author":[{"embeddable":true,"href":"https:\/\/lafitapsico.cat\/es\/wp-json\/wp\/v2\/users\/1"}],"replies":[{"embeddable":true,"href":"https:\/\/lafitapsico.cat\/es\/wp-json\/wp\/v2\/comments?post=1853"}],"version-history":[{"count":9,"href":"https:\/\/lafitapsico.cat\/es\/wp-json\/wp\/v2\/pages\/1853\/revisions"}],"predecessor-version":[{"id":1866,"href":"https:\/\/lafitapsico.cat\/es\/wp-json\/wp\/v2\/pages\/1853\/revisions\/1866"}],"wp:attachment":[{"href":"https:\/\/lafitapsico.cat\/es\/wp-json\/wp\/v2\/media?parent=1853"}],"curies":[{"name":"wp","href":"https:\/\/api.w.org\/{rel}","templated":true}]}}